
{"id":2913,"date":"2021-02-20T12:40:21","date_gmt":"2021-02-20T12:40:21","guid":{"rendered":"http:\/\/sitio.pt\/privacy\/"},"modified":"2022-02-08T08:58:03","modified_gmt":"2022-02-08T08:58:03","slug":"privacidade","status":"publish","type":"page","link":"https:\/\/sitio.pt\/pt-pt\/privacidade\/","title":{"rendered":"Privacidade"},"content":{"rendered":"<p><strong>privacidade<br \/>\n<\/strong>os dados s\u00e3o recolhidos pela Olissipolis, Lda., sociedade por quotas registada na Conservat\u00f3ria do Registo Comercial de Lisboa sob o NIPC 513825428, com sede na Rua Visconde de Santar\u00e9m n.\u00ba 73, 1000-286 Lisboa, doravante sitio.<br \/>\no sitio v\u00ea a privacidade dos dados como uma componente fundamental do seu neg\u00f3cio.<br \/>\no sitio\u00a0processa e armazena dados pessoais dentro da Uni\u00e3o Europeia (UE) e demonstrar\u00e1 a qualquer momento obedi\u00eancia \u00e0 legisla\u00e7\u00e3o da UE assim como os nossos princ\u00edpios expl\u00edcitos neste documento.<br \/>\nesta plataforma est\u00e1 orientada pelas normas do Regulamento Geral de Prote\u00e7\u00e3o de Dados, (Regulamento (UE) 2016\/679), que \u00e9 um ato legislativo diretamente vinculativo para pessoas singulares e coletivas que, sendo residentes ou n\u00e3o na UE, tratem dados de cidad\u00e3os da Uni\u00e3o Europeia.<br \/>\na declara\u00e7\u00e3o de privacidade est\u00e1 sob responsabilidade do sitio que garante o cumprimento do regulamento e est\u00e1 envolvido em todos os assuntos relacionados \u00e0 prote\u00e7\u00e3o de dados pessoais. a sua identifica\u00e7\u00e3o e modo de contacto est\u00e3o indicados no final do presente documento.<br \/>\no sitio\u00a0\u00e9 considerado o respons\u00e1vel pelo tratamento de dados, para efeitos do RGPD, e determinar\u00e1 o prop\u00f3sito e os meios de processamento de dados pessoais apresentados e recolhido online.<\/p>\n<p><strong>princ\u00edpios<br \/>\n<\/strong>a nossa pol\u00edtica de prote\u00e7\u00e3o de dados garante que os dados s\u00e3o:<br \/>\n&#8211; objeto de um tratamento l\u00edcito, leal e transparente em rela\u00e7\u00e3o ao titular dos dados (licitude, lealdade e transpar\u00eancia);<br \/>\n&#8211; recolhidos para finalidades determinadas, expl\u00edcitas e leg\u00edtimas e n\u00e3o podendo ser tratados posteriormente de uma forma incompat\u00edvel com essas finalidades;<br \/>\n&#8211; adequados, pertinentes e limitados ao que \u00e9 necess\u00e1rio relativamente \u00e0s finalidades para as quais s\u00e3o tratados;<br \/>\n&#8211; exatos e atualizados sempre que necess\u00e1rio; sendo adotadas todas as medidas adequadas para que os dados inexatos, tendo em conta as finalidades para que s\u00e3o tratados, sejam apagados ou retificados sem demora;<br \/>\n&#8211; conservados de uma forma que permita a identifica\u00e7\u00e3o dos titulares dos dados apenas durante o per\u00edodo necess\u00e1rio para as finalidades para as quais s\u00e3o tratados;<br \/>\n&#8211; tratados de uma forma que garanta a sua seguran\u00e7a, incluindo a prote\u00e7\u00e3o contra o seu tratamento n\u00e3o autorizado ou il\u00edcito e contra a sua perda, destrui\u00e7\u00e3o ou danifica\u00e7\u00e3o acidental, adotando as medidas t\u00e9cnicas ou organizativas adequadas;<\/p>\n<p><strong>recolha de dados pessoais<br \/>\n<\/strong>para melhorarmos a sua experi\u00eancia de navega\u00e7\u00e3o e podermos oferecer-lhe os servi\u00e7os que precisa no momento em que precisa, teremos de recolher algumas informa\u00e7\u00f5es. fazemos quest\u00e3o que saiba como tratamos os dados que nos confiou.<br \/>\ncom a sua autoriza\u00e7\u00e3o, iremos recolher as seguintes informa\u00e7\u00f5es: nome, telem\u00f3vel, email, localiza\u00e7\u00e3o, empresa e tipo de escrit\u00f3rio. o nosso website utiliza cookies. para obter informa\u00e7\u00f5es mais detalhadas relativamente ao modo como tratamentos os seus dados pessoais dever\u00e1 consultar a nossa pol\u00edtica de cookies.<\/p>\n<p><strong>prazo de conserva\u00e7\u00e3o<br \/>\n<\/strong>o sitio conservar\u00e1 os seus dados e compromete-se a elimin\u00e1-los no prazo m\u00e1ximo de 24 meses.<\/p>\n<p><strong>menoridade<br \/>\n<\/strong>ao aceitar a presente pol\u00edtica de privacidade garante ter idade igual ou superior a 18 anos.<strong>\u00a0<\/strong><\/p>\n<p><strong>uso de dados pessoais<br \/>\n<\/strong>o sitio poder\u00e1 contactar o titular dos dados no \u00e2mbito dos seus projetos de recrutamento no per\u00edodo estipulado de armazenamento dos dados. o tratamento de tais dados funda-se no consentimento dado pelo titular dos dados. o acesso a dados pessoais \u00e9 estritamente limitado ao pessoal dos respons\u00e1veis do tratamento de dados pessoais.<\/p>\n<p><strong>partilha de dados pessoais<br \/>\n<\/strong>o sitio garante que n\u00e3o tenciona transferir dados para pa\u00edses terceiros ao Regulamento Geral da Prote\u00e7\u00e3o de Dados e caso o fa\u00e7a, pedir-lhe-\u00e1 para isso consentimento. em certas situa\u00e7\u00f5es, o sitio poder\u00e1 ser notificado para divulgar informa\u00e7\u00f5es pessoais em resposta a pedidos por autoridades supervis\u00e3o para preencher os requisitos do RGPD.<\/p>\n<p><strong>seguran\u00e7a de processamento<br \/>\n<\/strong>processaremos dados pessoais de forma segura, aplicando e mantendo medidas t\u00e9cnicas e organizacionais para proteger dados pessoais contra destrui\u00e7\u00e3o acidental ou il\u00edcita, altera\u00e7\u00e3o, partilha ou acesso n\u00e3o autorizado, onde o processamento envolve a transmiss\u00e3o de dados por rede, e contra toda outra forma il\u00edcita de processamento.<\/p>\n<p><strong>a<\/strong><strong>cesso e retifica\u00e7\u00e3o ou elimina\u00e7\u00e3o de dados pessoais<br \/>\n<\/strong>enquanto titular dos dados os utilizadores t\u00eam o direito a solicitar o acesso aos dados que lhe digam respeito, a pedir para os retificar e para os eliminar. poder\u00e1 ainda limitar o tratamento dado aos dados, bem como opor-se ao mesmo e ainda requerer a portabilidade dos dados. poder\u00e1 ainda pedir esclarecimentos junto do sitio ou apresentar reclama\u00e7\u00e3o junto da CNPD sempre que entenda que os seus direitos est\u00e3o a ser violados.<\/p>\n<p><strong>emails de marketing<br \/>\n<\/strong>o sitio tem a permiss\u00e3o, ap\u00f3s consentimento expl\u00edcito, para enviar emails de marketing para os utilizadores do site. a qualquer momento o utilizador poder\u00e1 cancelar o consentimento atrav\u00e9s do link, existente para o efeito, em cada email enviado.<\/p>\n<p><strong>responsabilidade<br \/>\n<\/strong>o sitio\u00a0\u00e9 respons\u00e1vel por, e ser\u00e1 capaz de demonstrar a qualquer momento, a conformidade com o RGPD.<\/p>\n<p><strong>mudan\u00e7as a esta pol\u00edtica<br \/>\n<\/strong>esta pol\u00edtica poder\u00e1 ser atualizada ocasionalmente, por exemplo devido \u00e0s mudan\u00e7as \u00e0 legisla\u00e7\u00e3o relevante. se quaisquer mudan\u00e7as materiais forem conduzidas, os clientes ser\u00e3o notificados por email ou por notifica\u00e7\u00e3o no website.<\/p>\n<p><strong>contactos<\/strong><br \/>\nsitio<br \/>\nsede: Rua Visconde de Santar\u00e9m n.\u00ba 73, 1000-286 Lisboa<br \/>\nemail: <a href=\"&#109;&#x61;&#x69;l&#116;&#x6f;:&#119;&#x65;&#x6c;&#99;&#x6f;&#x6d;e&#64;&#x73;i&#116;&#x69;&#x6f;&#46;&#x70;&#x74;\">&#x77;&#x65;&#x6c;&#x63;&#x6f;&#x6d;&#x65;&#64;&#115;&#105;&#116;&#105;o&#46;pt<\/a><\/p>\n","protected":false},"excerpt":{"rendered":"<p>privacidade os dados s\u00e3o recolhidos pela Olissipolis, Lda., sociedade por quotas registada na Conservat\u00f3ria do Registo Comercial de Lisboa sob o NIPC 513825428, com sede na Rua Visconde de Santar\u00e9m n.\u00ba 73, 1000-286 Lisboa, doravante sitio. o sitio v\u00ea a privacidade dos dados como uma componente fundamental do seu neg\u00f3cio. o sitio\u00a0processa e armazena dados [&hellip;]<\/p>\n","protected":false},"author":7,"featured_media":0,"parent":0,"menu_order":0,"comment_status":"closed","ping_status":"closed","template":"","meta":{"_acf_changed":false,"_price":"","_stock":"","_tribe_ticket_header":"","_tribe_default_ticket_provider":"","_tribe_ticket_capacity":"0","_ticket_start_date":"","_ticket_end_date":"","_tribe_ticket_show_description":"","_tribe_ticket_show_not_going":false,"_tribe_ticket_use_global_stock":"","_tribe_ticket_global_stock_level":"","_global_stock_mode":"","_global_stock_cap":"","_tribe_rsvp_for_event":"","_tribe_ticket_going_count":"","_tribe_ticket_not_going_count":"","_tribe_tickets_list":"[]","_tribe_ticket_has_attendee_info_fields":false,"footnotes":"","_tec_slr_enabled":"","_tec_slr_layout":""},"class_list":["post-2913","page","type-page","status-publish","hentry"],"acf":[],"yoast_head":"<!-- This site is optimized with the Yoast SEO plugin v27.5 - https:\/\/yoast.com\/product\/yoast-seo-wordpress\/ -->\n<title>Pol\u00edtica de Privacidade - sitio<\/title>\n<meta name=\"description\" content=\"o sitio v\u00ea a privacidade dos dados como uma componente fundamental do seu neg\u00f3cio.o sitio\u00a0processa e armazena dados pessoais dentro da (UE)\" \/>\n<meta name=\"robots\" content=\"index, follow, max-snippet:-1, max-image-preview:large, max-video-preview:-1\" \/>\n<link rel=\"canonical\" href=\"https:\/\/sitio.pt\/privacy\/\" \/>\n<meta property=\"og:locale\" content=\"pt_PT\" \/>\n<meta property=\"og:type\" content=\"article\" \/>\n<meta property=\"og:title\" content=\"Pol\u00edtica de Privacidade - sitio\" \/>\n<meta property=\"og:description\" content=\"o sitio v\u00ea a privacidade dos dados como uma componente fundamental do seu neg\u00f3cio.o sitio\u00a0processa e armazena dados pessoais dentro da (UE)\" \/>\n<meta property=\"og:url\" content=\"https:\/\/sitio.pt\/privacy\/\" \/>\n<meta property=\"og:site_name\" content=\"sitio\" \/>\n<meta property=\"article:publisher\" content=\"https:\/\/www.facebook.com\/sitio.network\/?locale=pt_PT\" \/>\n<meta property=\"article:modified_time\" content=\"2022-02-08T08:58:03+00:00\" \/>\n<meta name=\"twitter:card\" content=\"summary_large_image\" \/>\n<meta name=\"twitter:label1\" content=\"Tempo estimado de leitura\" \/>\n\t<meta name=\"twitter:data1\" content=\"5 minutos\" \/>\n<script type=\"application\/ld+json\" class=\"yoast-schema-graph\">{\"@context\":\"https:\\\/\\\/schema.org\",\"@graph\":[{\"@type\":\"WebPage\",\"@id\":\"https:\\\/\\\/sitio.pt\\\/privacy\\\/\",\"url\":\"https:\\\/\\\/sitio.pt\\\/privacy\\\/\",\"name\":\"Pol\u00edtica de Privacidade - sitio\",\"isPartOf\":{\"@id\":\"https:\\\/\\\/sitio.pt\\\/#website\"},\"datePublished\":\"2021-02-20T12:40:21+00:00\",\"dateModified\":\"2022-02-08T08:58:03+00:00\",\"description\":\"o sitio v\u00ea a privacidade dos dados como uma componente fundamental do seu neg\u00f3cio.o sitio\u00a0processa e armazena dados pessoais dentro da (UE)\",\"breadcrumb\":{\"@id\":\"https:\\\/\\\/sitio.pt\\\/privacy\\\/#breadcrumb\"},\"inLanguage\":\"pt-PT\",\"potentialAction\":[{\"@type\":\"ReadAction\",\"target\":[\"https:\\\/\\\/sitio.pt\\\/privacy\\\/\"]}]},{\"@type\":\"BreadcrumbList\",\"@id\":\"https:\\\/\\\/sitio.pt\\\/privacy\\\/#breadcrumb\",\"itemListElement\":[{\"@type\":\"ListItem\",\"position\":1,\"name\":\"Home\",\"item\":\"https:\\\/\\\/sitio.pt\\\/pt-pt\\\/\"},{\"@type\":\"ListItem\",\"position\":2,\"name\":\"Privacidade\"}]},{\"@type\":\"WebSite\",\"@id\":\"https:\\\/\\\/sitio.pt\\\/#website\",\"url\":\"https:\\\/\\\/sitio.pt\\\/\",\"name\":\"sitio\",\"description\":\"\",\"publisher\":{\"@id\":\"https:\\\/\\\/sitio.pt\\\/#organization\"},\"potentialAction\":[{\"@type\":\"SearchAction\",\"target\":{\"@type\":\"EntryPoint\",\"urlTemplate\":\"https:\\\/\\\/sitio.pt\\\/?s={search_term_string}\"},\"query-input\":{\"@type\":\"PropertyValueSpecification\",\"valueRequired\":true,\"valueName\":\"search_term_string\"}}],\"inLanguage\":\"pt-PT\"},{\"@type\":\"Organization\",\"@id\":\"https:\\\/\\\/sitio.pt\\\/#organization\",\"name\":\"sitio\",\"url\":\"https:\\\/\\\/sitio.pt\\\/\",\"logo\":{\"@type\":\"ImageObject\",\"inLanguage\":\"pt-PT\",\"@id\":\"https:\\\/\\\/sitio.pt\\\/#\\\/schema\\\/logo\\\/image\\\/\",\"url\":\"https:\\\/\\\/sitio.pt\\\/cms\\\/wp-content\\\/uploads\\\/2022\\\/03\\\/sitio-foto.jpg\",\"contentUrl\":\"https:\\\/\\\/sitio.pt\\\/cms\\\/wp-content\\\/uploads\\\/2022\\\/03\\\/sitio-foto.jpg\",\"width\":1060,\"height\":1305,\"caption\":\"sitio\"},\"image\":{\"@id\":\"https:\\\/\\\/sitio.pt\\\/#\\\/schema\\\/logo\\\/image\\\/\"},\"sameAs\":[\"https:\\\/\\\/www.facebook.com\\\/sitio.network\\\/?locale=pt_PT\"]}]}<\/script>\n<!-- \/ Yoast SEO plugin. -->","yoast_head_json":{"title":"Pol\u00edtica de Privacidade - sitio","description":"o sitio v\u00ea a privacidade dos dados como uma componente fundamental do seu neg\u00f3cio.o sitio\u00a0processa e armazena dados pessoais dentro da (UE)","robots":{"index":"index","follow":"follow","max-snippet":"max-snippet:-1","max-image-preview":"max-image-preview:large","max-video-preview":"max-video-preview:-1"},"canonical":"https:\/\/sitio.pt\/privacy\/","og_locale":"pt_PT","og_type":"article","og_title":"Pol\u00edtica de Privacidade - sitio","og_description":"o sitio v\u00ea a privacidade dos dados como uma componente fundamental do seu neg\u00f3cio.o sitio\u00a0processa e armazena dados pessoais dentro da (UE)","og_url":"https:\/\/sitio.pt\/privacy\/","og_site_name":"sitio","article_publisher":"https:\/\/www.facebook.com\/sitio.network\/?locale=pt_PT","article_modified_time":"2022-02-08T08:58:03+00:00","twitter_card":"summary_large_image","twitter_misc":{"Tempo estimado de leitura":"5 minutos"},"schema":{"@context":"https:\/\/schema.org","@graph":[{"@type":"WebPage","@id":"https:\/\/sitio.pt\/privacy\/","url":"https:\/\/sitio.pt\/privacy\/","name":"Pol\u00edtica de Privacidade - sitio","isPartOf":{"@id":"https:\/\/sitio.pt\/#website"},"datePublished":"2021-02-20T12:40:21+00:00","dateModified":"2022-02-08T08:58:03+00:00","description":"o sitio v\u00ea a privacidade dos dados como uma componente fundamental do seu neg\u00f3cio.o sitio\u00a0processa e armazena dados pessoais dentro da (UE)","breadcrumb":{"@id":"https:\/\/sitio.pt\/privacy\/#breadcrumb"},"inLanguage":"pt-PT","potentialAction":[{"@type":"ReadAction","target":["https:\/\/sitio.pt\/privacy\/"]}]},{"@type":"BreadcrumbList","@id":"https:\/\/sitio.pt\/privacy\/#breadcrumb","itemListElement":[{"@type":"ListItem","position":1,"name":"Home","item":"https:\/\/sitio.pt\/pt-pt\/"},{"@type":"ListItem","position":2,"name":"Privacidade"}]},{"@type":"WebSite","@id":"https:\/\/sitio.pt\/#website","url":"https:\/\/sitio.pt\/","name":"sitio","description":"","publisher":{"@id":"https:\/\/sitio.pt\/#organization"},"potentialAction":[{"@type":"SearchAction","target":{"@type":"EntryPoint","urlTemplate":"https:\/\/sitio.pt\/?s={search_term_string}"},"query-input":{"@type":"PropertyValueSpecification","valueRequired":true,"valueName":"search_term_string"}}],"inLanguage":"pt-PT"},{"@type":"Organization","@id":"https:\/\/sitio.pt\/#organization","name":"sitio","url":"https:\/\/sitio.pt\/","logo":{"@type":"ImageObject","inLanguage":"pt-PT","@id":"https:\/\/sitio.pt\/#\/schema\/logo\/image\/","url":"https:\/\/sitio.pt\/cms\/wp-content\/uploads\/2022\/03\/sitio-foto.jpg","contentUrl":"https:\/\/sitio.pt\/cms\/wp-content\/uploads\/2022\/03\/sitio-foto.jpg","width":1060,"height":1305,"caption":"sitio"},"image":{"@id":"https:\/\/sitio.pt\/#\/schema\/logo\/image\/"},"sameAs":["https:\/\/www.facebook.com\/sitio.network\/?locale=pt_PT"]}]}},"ticketed":false,"_links":{"self":[{"href":"https:\/\/sitio.pt\/pt-pt\/wp-json\/wp\/v2\/pages\/2913","targetHints":{"allow":["GET"]}}],"collection":[{"href":"https:\/\/sitio.pt\/pt-pt\/wp-json\/wp\/v2\/pages"}],"about":[{"href":"https:\/\/sitio.pt\/pt-pt\/wp-json\/wp\/v2\/types\/page"}],"author":[{"embeddable":true,"href":"https:\/\/sitio.pt\/pt-pt\/wp-json\/wp\/v2\/users\/7"}],"replies":[{"embeddable":true,"href":"https:\/\/sitio.pt\/pt-pt\/wp-json\/wp\/v2\/comments?post=2913"}],"version-history":[{"count":6,"href":"https:\/\/sitio.pt\/pt-pt\/wp-json\/wp\/v2\/pages\/2913\/revisions"}],"predecessor-version":[{"id":3103,"href":"https:\/\/sitio.pt\/pt-pt\/wp-json\/wp\/v2\/pages\/2913\/revisions\/3103"}],"wp:attachment":[{"href":"https:\/\/sitio.pt\/pt-pt\/wp-json\/wp\/v2\/media?parent=2913"}],"curies":[{"name":"wp","href":"https:\/\/api.w.org\/{rel}","templated":true}]}}